{"id":23437,"date":"2024-02-01T12:56:59","date_gmt":"2024-02-01T11:56:59","guid":{"rendered":"https:\/\/getawaysmalta.com\/?page_id=23437"},"modified":"2024-02-01T12:57:39","modified_gmt":"2024-02-01T11:57:39","slug":"23437-2","status":"publish","type":"page","link":"https:\/\/getawaysmalta.com\/pt-br\/23437-2\/","title":{"rendered":"Termos e Condi\u00e7\u00f5es"},"content":{"rendered":"<p><strong>Pol\u00edtica de Reservas<\/strong><\/p>\n<p><strong>Pol\u00edticas de check-in<\/strong><br \/>\nHor\u00e1rio de CHECK-IN a partir das 15h (podemos fazer self check-in)<br \/>\nHor\u00e1rio de CHECK-OUT at\u00e9 \u00e0s 10h00 (check-out tardio mediante disponibilidade)<br \/>\nOs h\u00f3spedes dever\u00e3o apresentar um documento de identifica\u00e7\u00e3o com fotografia. Por favor, note que todos os pedidos especiais est\u00e3o sujeitos \u00e0 disponibilidade e poder\u00e3o ser aplicados custos adicionais.<\/p>\n<p><strong>Crian\u00e7as e camas extras<\/strong><br \/>\nTodas as crian\u00e7as s\u00e3o bem-vindas. Ber\u00e7o e cadeira alta s\u00e3o gratuitos mediante solicita\u00e7\u00e3o.<\/p>\n<p><strong>Animais de estima\u00e7\u00e3o<\/strong><br \/>\nAnimais de estima\u00e7\u00e3o n\u00e3o s\u00e3o permitidos.<\/p>\n<p><strong>Idade minima<\/strong><br \/>\nExiste uma idade m\u00ednima para alugar. A menos que aprovado por escrito com anteced\u00eancia, n\u00e3o podemos alugar para crian\u00e7as menores de 18 anos de idade, a menos que estejam acompanhadas por um (1) ou mais respons\u00e1veis ou pais adultos.<\/p>\n<p><strong>Sem festas<\/strong><br \/>\nN\u00e3o acomodaremos festas de despedida de solteiro ou similares. Al\u00e9m disso, os h\u00f3spedes devem prestar aten\u00e7\u00e3o ao cumprimento das regras sociais e \u00e9ticas, n\u00e3o fazer barulho que cause perturba\u00e7\u00e3o, n\u00e3o s\u00e3o permitidas festas, n\u00e3o s\u00e3o permitidas m\u00fasicas altas e n\u00e3o se envolver em quaisquer atividades que sejam proibidas. Espera-se que os h\u00f3spedes respeitem a paz dos seus vizinhos em todos os momentos. N\u00e3o \u00e9 permitida m\u00fasica externa ou interna alta das 22h \u00e0s 7h.<br \/>\nNo interesse da seguran\u00e7a, os devidos cuidados devem ser tomados na Propriedade em todos os momentos, especialmente com crian\u00e7as. As crian\u00e7as nunca devem ser deixadas sozinhas nas instala\u00e7\u00f5es.<\/p>\n<p><strong>Termos e Condi\u00e7\u00f5es<\/strong><\/p>\n<p><strong>Custos adicionais<\/strong><br \/>\n\u00c0 chegada, exigimos uma cau\u00e7\u00e3o contra danos de um m\u00ednimo de 150\u20ac ou 50\u20ac por pessoa dependendo do n\u00famero de h\u00f3spedes. Este valor ser\u00e1 reembolsado ap\u00f3s inspe\u00e7\u00e3o do im\u00f3vel.<br \/>\nOs custos de electricidade, \u00e1gua da rede e limpeza est\u00e3o inclu\u00eddos nas tarifas de aluguer para reservas de shortlet. No per\u00edodo mensal, \u00e1gua e luz n\u00e3o est\u00e3o inclu\u00eddas.<br \/>\nExiste uma Taxa Nacional de Contribui\u00e7\u00e3o Ambiental de 0,50\u20ac por pessoa, por dia (at\u00e9 um m\u00e1ximo de 5,00\u20ac por pessoa, por estadia) que tamb\u00e9m \u00e9 paga \u00e0 chegada.<\/p>\n<p><strong>Servi\u00e7os de utilidade p\u00fablica<\/strong><br \/>\nPor favor, note que no pre\u00e7o semanal da propriedade os servi\u00e7os p\u00fablicos est\u00e3o inclu\u00eddos conforme abaixo:<br \/>\n0,5 metros c\u00fabicos de \u00e1gua por pessoa por semana<br \/>\n100 kWh por apartamento de 1 quarto por semana;<br \/>\n150 kWh por apartamento de 2 quartos por semana;<br \/>\n200 kWh por apartamento de 3 quartos por semana.<br \/>\nEstas refer\u00eancias de consumo de \u00e1gua e eletricidade dever\u00e3o ser mais que suficientes para uma utiliza\u00e7\u00e3o normal durante uma semana. Desligue as luzes, o ar condicionado e os aparelhos el\u00e9tricos quando n\u00e3o os estiver usando para permanecer dentro dos limites inclu\u00eddos no pre\u00e7o.<br \/>\nCaso os par\u00e2metros acima mencionados sejam excedidos, ser\u00e3o aplicadas as seguintes taxas para o consumo extra:<br \/>\n0,38 euros por kWh para eletricidade e 5,60 euros por metro c\u00fabico para \u00e1gua.<br \/>\nOs contadores de \u00e1gua e luz s\u00e3o anotados no in\u00edcio e no final da estadia.<br \/>\nRelativamente \u00e0 tarifa mensal, note que o pre\u00e7o n\u00e3o inclui contas de \u00e1gua e luz. O h\u00f3spede pagar\u00e1 apenas o que consumir. A estimativa habitual \u00e9 de 60\/80 euros por m\u00eas (sem uso de ar condicionado).<\/p>\n<p><strong>Lixo<\/strong><br \/>\nTodo lixo\/lixo\/reciclagem \u00e9 retirado do apartamento e descartado da maneira correta conforme instru\u00e7\u00f5es.<\/p>\n<p><strong>Danos ou Perdas<\/strong><br \/>\nPor favor, trate a Propriedade alugada adequadamente e deixe a Propriedade e todo o seu conte\u00fado em boas condi\u00e7\u00f5es e em condi\u00e7\u00f5es aceit\u00e1veis de limpeza. Quaisquer danos ou preju\u00edzos causados durante o Per\u00edodo de Aluguer, bem como quaisquer requisitos especiais de limpeza, ser\u00e3o da responsabilidade do H\u00f3spede e poder\u00e3o ser cobrados na conta do H\u00f3spede e deduzidos da cau\u00e7\u00e3o do H\u00f3spede. Em casos de perda ou dano excessivo ou inaceit\u00e1vel a qualquer momento durante o Per\u00edodo de Loca\u00e7\u00e3o, o Propriet\u00e1rio ou o Representante do Propriet\u00e1rio poder\u00e1 exigir que o H\u00f3spede e seu grupo, incluindo visitantes, desocupem a Propriedade imediatamente, sem compensa\u00e7\u00e3o ou reembolso.<\/p>\n<p><strong>Acesso<\/strong><br \/>\nO Im\u00f3vel e suas instala\u00e7\u00f5es est\u00e3o dispon\u00edveis para plena usufruto do H\u00f3spede durante o Per\u00edodo de Loca\u00e7\u00e3o. No entanto, o Propriet\u00e1rio, Representante do Propriet\u00e1rio, pode precisar de acesso \u00e0 Propriedade. A menos que seja um caso de emerg\u00eancia como exemplo de inc\u00eandio, o propriet\u00e1rio sempre pedir\u00e1 permiss\u00e3o antes de entrar.<\/p>\n<p><strong>N\u00famero de convidados<\/strong><br \/>\nO n\u00famero de pessoas (adultos e crian\u00e7as) hospedadas na Propriedade n\u00e3o deve exceder o n\u00famero m\u00e1ximo de lugares para dormir indicado na confirma\u00e7\u00e3o da reserva, salvo autoriza\u00e7\u00e3o expressa por escrito. Exceder este n\u00famero pode invalidar qualquer ap\u00f3lice de seguro da Propriedade. A entrada ou acesso \u00e0 Propriedade poder\u00e1 ser recusado ou limitado quando o n\u00famero de h\u00f3spedes exceder o requisito declarado.<\/p>\n<p><strong>Uso de propriedade<\/strong><br \/>\nTodas as reservas s\u00e3o consideradas apenas para fins normais de f\u00e9rias, e o H\u00f3spede concorda que o uso da Propriedade ser\u00e1 limitado apenas a esse fim.<\/p>\n<p><strong>Subloca\u00e7\u00e3o<\/strong><br \/>\nN\u00e3o \u00e9 permitido nenhum tipo de subloca\u00e7\u00e3o<\/p>\n<p><strong>Conduta e devido zelo<\/strong><br \/>\nSolicita-se ao H\u00f3spede que respeite isso e garanta que todos os h\u00f3spedes e visitantes da Propriedade se comportem adequadamente. Atividades ilegais ou imorais, incluindo jogos de azar, prostitui\u00e7\u00e3o, drogas proibidas, posse ou uso de produtos pirot\u00e9cnicos ou produtos perigosos e posse ou uso de armas de fogo e outras armas s\u00e3o estritamente proibidas.<br \/>\nFumar \u00e9 estritamente proibido. Se o apartamento cheirar a fumo, um dep\u00f3sito m\u00ednimo de \u20ac 1.500 dever\u00e1 ser mantido pelo locador at\u00e9 determina\u00e7\u00e3o dos custos de limpeza e quaisquer custos devido a compensa\u00e7\u00e3o\/reloca\u00e7\u00e3o de novos h\u00f3spedes.<\/p>\n<p><strong>Valores e seguran\u00e7a<\/strong><br \/>\nQuaisquer objetos de valor ou propriedade do H\u00f3spede deixados ou usados na Propriedade ser\u00e3o por conta e risco do H\u00f3spede. Nem o Propriet\u00e1rio nem o Representante do Propriet\u00e1rio aceitam qualquer responsabilidade por perdas ou danos \u00e0 propriedade do H\u00f3spede. O H\u00f3spede \u00e9 respons\u00e1vel pela Propriedade durante o Per\u00edodo de Loca\u00e7\u00e3o e deve garantir que todas as janelas e portas estejam trancadas com seguran\u00e7a quando n\u00e3o estiver no local. Qualquer ato ou omiss\u00e3o do H\u00f3spede, seu grupo e\/ou visitantes que possa anular ou prejudicar a ap\u00f3lice de seguro da Propriedade e\/ou resultar em perdas ou danos \u00e9 de responsabilidade do H\u00f3spede.<\/p>\n<p><strong>Reclama\u00e7\u00f5es<\/strong><br \/>\nSer\u00e3o feitos todos os esfor\u00e7os para que o H\u00f3spede tenha uma estadia agrad\u00e1vel. Se o H\u00f3spede tiver algum problema durante o Per\u00edodo de Aluguel, informe imediatamente o Propriet\u00e1rio ou o Representante do Propriet\u00e1rio, que se esfor\u00e7ar\u00e1 para consertar a situa\u00e7\u00e3o. Para que a reclama\u00e7\u00e3o do H\u00f3spede seja atendida, o H\u00f3spede dever\u00e1 comunicar qualquer problema enquanto estiver no local. Se nenhuma reclama\u00e7\u00e3o for relatada durante o Per\u00edodo de Loca\u00e7\u00e3o, o Propriet\u00e1rio assumir\u00e1 que a Propriedade foi satisfat\u00f3ria para o H\u00f3spede e nenhuma reclama\u00e7\u00e3o ser\u00e1 atendida.<\/p>\n<p><strong>Disposi\u00e7\u00f5es<\/strong><br \/>\nAs acomoda\u00e7\u00f5es auto-suficientes exigem que o H\u00f3spede forne\u00e7a todas as provis\u00f5es e consum\u00edveis necess\u00e1rios para a vida di\u00e1ria. A equipe da Propriedade poder\u00e1 atender a quaisquer solicita\u00e7\u00f5es razo\u00e1veis de compra de provis\u00f5es em nome do H\u00f3spede, e isso ser\u00e1 cobrado na conta do H\u00f3spede.<\/p>\n<p><strong>For\u00e7a maior<\/strong><br \/>\nO Propriet\u00e1rio ou os Representantes dos Propriet\u00e1rios n\u00e3o poder\u00e3o ser responsabilizados pelo reembolso ou qualquer tipo de indeniza\u00e7\u00e3o ao(s) H\u00f3spede(s), se a reserva da propriedade n\u00e3o for poss\u00edvel ad hoc por motivos fora do controle dos Propriet\u00e1rios ou dos Representantes dos Propriet\u00e1rios, incluindo, sem limita\u00e7\u00e3o poss\u00edveis inc\u00eandios, condi\u00e7\u00f5es clim\u00e1ticas extremas, disputas trabalhistas ou outros eventos de for\u00e7a maior.<\/p>\n<p><strong>Prote\u00e7\u00e3o de Dados Pessoais<\/strong><br \/>\nEste acordo \u00e9 regido pelas leis e regulamentos malteses de prote\u00e7\u00e3o de dados, juntamente com o Regulamento Geral de Prote\u00e7\u00e3o de Dados (GDPR). Voc\u00ea tamb\u00e9m autoriza expressamente o Propriet\u00e1rio a fornecer seus dados pessoais \u00e0s respectivas autoridades nacionais de prote\u00e7\u00e3o de dados para fins de cumprimento das leis e regulamentos aplic\u00e1veis.<\/p>\n<p><strong>Jurisdi\u00e7\u00e3o<\/strong><br \/>\nEste acordo ser\u00e1 regido pelas leis de Malta e pelo Sistema de Jurisdi\u00e7\u00e3o Malt\u00eas. Em caso de controv\u00e9rsia decorrente da reserva e do aluguer do im\u00f3vel que n\u00e3o possa ser resolvida amigavelmente entre as partes, ambas as partes concordam em encaminhar a quest\u00e3o exclusivamente para os tribunais malteses.<\/p>\n<p>O H\u00f3spede concorda que estes termos e condi\u00e7\u00f5es foram lidos, compreendidos e aceitos e acordados pelo H\u00f3spede sem reservas e sem exce\u00e7\u00e3o.<\/p>\n","protected":false},"excerpt":{"rendered":"<p>Pol\u00edtica de Reservas Pol\u00edticas de check-in Hor\u00e1rio de CHECK-IN a partir das 15h (podemos fazer self check-in) Hor\u00e1rio de CHECK-OUT at\u00e9 \u00e0s 10h00 (check-out tardio mediante disponibilidade) Os h\u00f3spedes dever\u00e3o apresentar um documento de identifica\u00e7\u00e3o com fotografia. Por favor, note que todos os pedidos especiais est\u00e3o sujeitos \u00e0 disponibilidade e poder\u00e3o ser aplicados custos adicionais. Crian\u00e7as e camas extras Todas&#8230;<\/p>\n<div><a href=\"https:\/\/getawaysmalta.com\/pt-br\/23437-2\/\" class=\"read-more\">Read More <i class=\"fa fa-arrow-circle-o-right\"><\/i><\/a><\/div>\n","protected":false},"author":3,"featured_media":0,"parent":0,"menu_order":0,"comment_status":"closed","ping_status":"closed","template":"","meta":{"footnotes":""},"class_list":["post-23437","page","type-page","status-publish","hentry","no-featured"],"yoast_head":"<!-- This site is optimized with the Yoast SEO plugin v27.4 - https:\/\/yoast.com\/product\/yoast-seo-wordpress\/ -->\n<title>Termos e Condi\u00e7\u00f5es - Getaways<\/title>\n<meta name=\"robots\" content=\"index, follow, max-snippet:-1, max-image-preview:large, max-video-preview:-1\" \/>\n<link rel=\"canonical\" href=\"https:\/\/getawaysmalta.com\/pt-br\/23437-2\/\" \/>\n<meta property=\"og:locale\" content=\"pt_BR\" \/>\n<meta property=\"og:type\" content=\"article\" \/>\n<meta property=\"og:title\" content=\"Termos e Condi\u00e7\u00f5es - Getaways\" \/>\n<meta property=\"og:description\" content=\"Pol\u00edtica de Reservas Pol\u00edticas de check-in Hor\u00e1rio de CHECK-IN a partir das 15h (podemos fazer self check-in) Hor\u00e1rio de CHECK-OUT at\u00e9 \u00e0s 10h00 (check-out tardio mediante disponibilidade) Os h\u00f3spedes dever\u00e3o apresentar um documento de identifica\u00e7\u00e3o com fotografia. Por favor, note que todos os pedidos especiais est\u00e3o sujeitos \u00e0 disponibilidade e poder\u00e3o ser aplicados custos adicionais. Crian\u00e7as e camas extras Todas...Read More\" \/>\n<meta property=\"og:url\" content=\"https:\/\/getawaysmalta.com\/pt-br\/23437-2\/\" \/>\n<meta property=\"og:site_name\" content=\"Getaways\" \/>\n<meta property=\"article:modified_time\" content=\"2024-02-01T11:57:39+00:00\" \/>\n<meta name=\"twitter:card\" content=\"summary_large_image\" \/>\n<meta name=\"twitter:label1\" content=\"Est. tempo de leitura\" \/>\n\t<meta name=\"twitter:data1\" content=\"6 minutos\" \/>\n<script type=\"application\/ld+json\" class=\"yoast-schema-graph\">{\"@context\":\"https:\\\/\\\/schema.org\",\"@graph\":[{\"@type\":\"WebPage\",\"@id\":\"https:\\\/\\\/getawaysmalta.com\\\/pt-br\\\/23437-2\\\/\",\"url\":\"https:\\\/\\\/getawaysmalta.com\\\/pt-br\\\/23437-2\\\/\",\"name\":\"Termos e Condi\u00e7\u00f5es - Getaways\",\"isPartOf\":{\"@id\":\"https:\\\/\\\/getawaysmalta.com\\\/it\\\/#website\"},\"datePublished\":\"2024-02-01T11:56:59+00:00\",\"dateModified\":\"2024-02-01T11:57:39+00:00\",\"breadcrumb\":{\"@id\":\"https:\\\/\\\/getawaysmalta.com\\\/pt-br\\\/23437-2\\\/#breadcrumb\"},\"inLanguage\":\"pt-BR\",\"potentialAction\":[{\"@type\":\"ReadAction\",\"target\":[\"https:\\\/\\\/getawaysmalta.com\\\/pt-br\\\/23437-2\\\/\"]}]},{\"@type\":\"BreadcrumbList\",\"@id\":\"https:\\\/\\\/getawaysmalta.com\\\/pt-br\\\/23437-2\\\/#breadcrumb\",\"itemListElement\":[{\"@type\":\"ListItem\",\"position\":1,\"name\":\"Home\",\"item\":\"https:\\\/\\\/getawaysmalta.com\\\/pt-br\\\/\"},{\"@type\":\"ListItem\",\"position\":2,\"name\":\"Termos e Condi\u00e7\u00f5es\"}]},{\"@type\":\"WebSite\",\"@id\":\"https:\\\/\\\/getawaysmalta.com\\\/it\\\/#website\",\"url\":\"https:\\\/\\\/getawaysmalta.com\\\/it\\\/\",\"name\":\"Getaways\",\"description\":\"Property For Rent Malta\",\"potentialAction\":[{\"@type\":\"SearchAction\",\"target\":{\"@type\":\"EntryPoint\",\"urlTemplate\":\"https:\\\/\\\/getawaysmalta.com\\\/it\\\/?s={search_term_string}\"},\"query-input\":{\"@type\":\"PropertyValueSpecification\",\"valueRequired\":true,\"valueName\":\"search_term_string\"}}],\"inLanguage\":\"pt-BR\"}]}<\/script>\n<!-- \/ Yoast SEO plugin. -->","yoast_head_json":{"title":"Termos e Condi\u00e7\u00f5es - Getaways","robots":{"index":"index","follow":"follow","max-snippet":"max-snippet:-1","max-image-preview":"max-image-preview:large","max-video-preview":"max-video-preview:-1"},"canonical":"https:\/\/getawaysmalta.com\/pt-br\/23437-2\/","og_locale":"pt_BR","og_type":"article","og_title":"Termos e Condi\u00e7\u00f5es - Getaways","og_description":"Pol\u00edtica de Reservas Pol\u00edticas de check-in Hor\u00e1rio de CHECK-IN a partir das 15h (podemos fazer self check-in) Hor\u00e1rio de CHECK-OUT at\u00e9 \u00e0s 10h00 (check-out tardio mediante disponibilidade) Os h\u00f3spedes dever\u00e3o apresentar um documento de identifica\u00e7\u00e3o com fotografia. Por favor, note que todos os pedidos especiais est\u00e3o sujeitos \u00e0 disponibilidade e poder\u00e3o ser aplicados custos adicionais. Crian\u00e7as e camas extras Todas...Read More","og_url":"https:\/\/getawaysmalta.com\/pt-br\/23437-2\/","og_site_name":"Getaways","article_modified_time":"2024-02-01T11:57:39+00:00","twitter_card":"summary_large_image","twitter_misc":{"Est. tempo de leitura":"6 minutos"},"schema":{"@context":"https:\/\/schema.org","@graph":[{"@type":"WebPage","@id":"https:\/\/getawaysmalta.com\/pt-br\/23437-2\/","url":"https:\/\/getawaysmalta.com\/pt-br\/23437-2\/","name":"Termos e Condi\u00e7\u00f5es - Getaways","isPartOf":{"@id":"https:\/\/getawaysmalta.com\/it\/#website"},"datePublished":"2024-02-01T11:56:59+00:00","dateModified":"2024-02-01T11:57:39+00:00","breadcrumb":{"@id":"https:\/\/getawaysmalta.com\/pt-br\/23437-2\/#breadcrumb"},"inLanguage":"pt-BR","potentialAction":[{"@type":"ReadAction","target":["https:\/\/getawaysmalta.com\/pt-br\/23437-2\/"]}]},{"@type":"BreadcrumbList","@id":"https:\/\/getawaysmalta.com\/pt-br\/23437-2\/#breadcrumb","itemListElement":[{"@type":"ListItem","position":1,"name":"Home","item":"https:\/\/getawaysmalta.com\/pt-br\/"},{"@type":"ListItem","position":2,"name":"Termos e Condi\u00e7\u00f5es"}]},{"@type":"WebSite","@id":"https:\/\/getawaysmalta.com\/it\/#website","url":"https:\/\/getawaysmalta.com\/it\/","name":"Getaways","description":"Property For Rent Malta","potentialAction":[{"@type":"SearchAction","target":{"@type":"EntryPoint","urlTemplate":"https:\/\/getawaysmalta.com\/it\/?s={search_term_string}"},"query-input":{"@type":"PropertyValueSpecification","valueRequired":true,"valueName":"search_term_string"}}],"inLanguage":"pt-BR"}]}},"_links":{"self":[{"href":"https:\/\/getawaysmalta.com\/pt-br\/wp-json\/wp\/v2\/pages\/23437","targetHints":{"allow":["GET"]}}],"collection":[{"href":"https:\/\/getawaysmalta.com\/pt-br\/wp-json\/wp\/v2\/pages"}],"about":[{"href":"https:\/\/getawaysmalta.com\/pt-br\/wp-json\/wp\/v2\/types\/page"}],"author":[{"embeddable":true,"href":"https:\/\/getawaysmalta.com\/pt-br\/wp-json\/wp\/v2\/users\/3"}],"replies":[{"embeddable":true,"href":"https:\/\/getawaysmalta.com\/pt-br\/wp-json\/wp\/v2\/comments?post=23437"}],"version-history":[{"count":2,"href":"https:\/\/getawaysmalta.com\/pt-br\/wp-json\/wp\/v2\/pages\/23437\/revisions"}],"predecessor-version":[{"id":23439,"href":"https:\/\/getawaysmalta.com\/pt-br\/wp-json\/wp\/v2\/pages\/23437\/revisions\/23439"}],"wp:attachment":[{"href":"https:\/\/getawaysmalta.com\/pt-br\/wp-json\/wp\/v2\/media?parent=23437"}],"curies":[{"name":"wp","href":"https:\/\/api.w.org\/{rel}","templated":true}]}}